{"id":8850,"date":"2024-08-19T21:18:47","date_gmt":"2024-08-19T19:18:47","guid":{"rendered":"https:\/\/www.entrages.be\/wp\/?page_id=8850"},"modified":"2026-02-02T11:59:40","modified_gmt":"2026-02-02T10:59:40","slug":"accueil","status":"publish","type":"page","link":"https:\/\/www.entrages.be\/wp\/","title":{"rendered":"Accueil"},"content":{"rendered":"\t\t<div data-elementor-type=\"wp-page\" data-elementor-id=\"8850\" class=\"elementor elementor-8850\" data-elementor-post-type=\"page\">\n\t\t\t\t<div data-particle_enable=\"false\" data-particle-mobile-disabled=\"false\" class=\"elementor-element elementor-element-852e0e8 e-con-full e-flex e-con e-parent\" data-id=\"852e0e8\" data-element_type=\"container\">\n\t\t\t\t<div class=\"elementor-element elementor-element-cb212c3 elementor--h-position-center elementor--v-position-middle elementor-arrows-position-inside elementor-pagination-position-inside elementor-widget elementor-widget-slides\" data-id=\"cb212c3\" data-element_type=\"widget\" data-settings=\"{&quot;transition_speed&quot;:400,&quot;navigation&quot;:&quot;both&quot;,&quot;autoplay&quot;:&quot;yes&quot;,&quot;autoplay_speed&quot;:5000,&quot;infinite&quot;:&quot;yes&quot;,&quot;transition&quot;:&quot;slide&quot;}\" data-widget_type=\"slides.default\">\n\t\t\t\t<div class=\"elementor-widget-container\">\n\t\t\t\t\t<div class=\"elementor-swiper\">\n\t\t\t<div class=\"elementor-slides-wrapper elementor-main-swiper swiper\" dir=\"ltr\" data-animation=\"fadeInUp\">\n\t\t\t\t<div class=\"swiper-wrapper elementor-slides\">\n\t\t\t\t\t\t\t\t\t\t<div class=\"elementor-repeater-item-1f2c018 swiper-slide\"><div class=\"swiper-slide-bg\" role=\"img\"><\/div><div class=\"swiper-slide-inner\" ><div class=\"swiper-slide-contents\"><div class=\"elementor-slide-heading\">Entr'\u00e2ges ASBL<\/div><div class=\"elementor-slide-description\">Entr'\u00e2ges s'engage contre l'\u00e2gisme pour une soci\u00e9t\u00e9 plus juste et solidaire<\/div><a href=\"https:\/\/www.entrages.be\/wp\/newsletter\/\" class=\"elementor-button elementor-slide-button elementor-size-xs\">Inscrivez-vous \u00e0 notre newsletter<\/a><\/div><\/div><\/div><div class=\"elementor-repeater-item-93c24cc swiper-slide\"><div class=\"swiper-slide-bg\" role=\"img\"><\/div><a class=\"swiper-slide-inner\" href=\"https:\/\/semainedelintergeneration.be\/\" target=\"_blank\"><div class=\"swiper-slide-contents\"><div class=\"elementor-slide-heading\">La Semaine de l'Interg\u00e9n\u00e9ration<\/div><div class=\"elementor-slide-description\">Chaque ann\u00e9e du 23 au 29 avril,\nune semaine pour tous les \u00e2ges<\/div><div  class=\"elementor-button elementor-slide-button elementor-size-xs\">Inscrivez-vos activit\u00e9s<\/div><\/div><\/a><\/div><div class=\"elementor-repeater-item-1854fd1 swiper-slide\"><div class=\"swiper-slide-bg\" role=\"img\"><\/div><a class=\"swiper-slide-inner\" href=\"https:\/\/www.entrages.be\/wp\/le-memorandum-du-ribf\/\"><div class=\"swiper-slide-contents\"><div class=\"elementor-slide-heading\">D\u00e9couvrez le m\u00e9morandum du RIBF<\/div><div class=\"elementor-slide-description\">Pistes d'actions pour construire un avenir interg\u00e9n\u00e9rationnel<\/div><div  class=\"elementor-button elementor-slide-button elementor-size-xs\">Vers le m\u00e9morandum<\/div><\/div><\/a><\/div><div class=\"elementor-repeater-item-d6c62b0 swiper-slide\"><div class=\"swiper-slide-bg\" role=\"img\"><\/div><div class=\"swiper-slide-inner\" ><div class=\"swiper-slide-contents\"><div class=\"elementor-slide-heading\">Nos ateliers<\/div><div class=\"elementor-slide-description\">Broderie, lecture et arpentage : pour tous les go\u00fbts et tous les \u00e2ges !<\/div><a href=\"https:\/\/www.entrages.be\/wp\/ateliers\/\" target=\"_blank\" class=\"elementor-button elementor-slide-button elementor-size-xs\">Inscrivez-vous<\/a><\/div><\/div><\/div><div class=\"elementor-repeater-item-48aa0b7 swiper-slide\"><div class=\"swiper-slide-bg\" role=\"img\"><\/div><div class=\"swiper-slide-inner\" ><div class=\"swiper-slide-contents\"><div class=\"elementor-slide-heading\">Midis-Accueils<\/div><div class=\"elementor-slide-description\">Nous accompagnons vos projets interg\u00e9n\u00e9rationnels<\/div><a href=\"https:\/\/www.entrages.be\/wp\/midis-accueils\/\" target=\"_blank\" class=\"elementor-button elementor-slide-button elementor-size-xs\">Chaque dernier mardi du mois (d\u00e8s septembre)<\/a><\/div><\/div><\/div>\t\t\t\t<\/div>\n\t\t\t\t\t\t\t\t\t\t\t\t\t\t\t<div class=\"swiper-pagination\"><\/div>\n\t\t\t\t\t\t\t\t\t\t\t\t\t\t\t\t<div class=\"elementor-swiper-button elementor-swiper-button-prev\" role=\"button\" tabindex=\"0\">\n\t\t\t\t\t\t\t<i aria-hidden=\"true\" class=\"eicon-chevron-left\"><\/i>\t\t\t\t\t\t\t<span class=\"elementor-screen-only\">Previous slide<\/span>\n\t\t\t\t\t\t<\/div>\n\t\t\t\t\t\t<div class=\"elementor-swiper-button elementor-swiper-button-next\" role=\"button\" tabindex=\"0\">\n\t\t\t\t\t\t\t<i aria-hidden=\"true\" class=\"eicon-chevron-right\"><\/i>\t\t\t\t\t\t\t<span class=\"elementor-screen-only\">Next slide<\/span>\n\t\t\t\t\t\t<\/div>\n\t\t\t\t\t\t\t\t\t\t\t\t<\/div>\n\t\t<\/div>\n\t\t\t\t<\/div>\n\t\t\t\t<\/div>\n\t\t\t\t<div class=\"elementor-element elementor-element-bdb2c4a elementor-widget elementor-widget-spacer\" data-id=\"bdb2c4a\" data-element_type=\"widget\" data-widget_type=\"spacer.default\">\n\t\t\t\t<div class=\"elementor-widget-container\">\n\t\t\t\t\t<div class=\"elementor-spacer\">\n\t\t\t<div class=\"elementor-spacer-inner\"><\/div>\n\t\t<\/div>\n\t\t\t\t<\/div>\n\t\t\t\t<\/div>\n\t\t\t\t<\/div>\n\t\t<div data-particle_enable=\"false\" data-particle-mobile-disabled=\"false\" class=\"elementor-element elementor-element-b6d8964 e-flex e-con-boxed e-con e-parent\" data-id=\"b6d8964\" data-element_type=\"container\">\n\t\t\t\t\t<div class=\"e-con-inner\">\n\t\t\t\t<div class=\"elementor-element elementor-element-9a804ab elementor-widget elementor-widget-heading\" data-id=\"9a804ab\" data-element_type=\"widget\" data-widget_type=\"heading.default\">\n\t\t\t\t<div class=\"elementor-widget-container\">\n\t\t\t<h1 class=\"elementor-heading-title elementor-size-default\">Entr\u2019\u00e2ges ASBL est une association qui s\u2019engage contre toutes les formes de discriminations, de s\u00e9gr\u00e9gations, de m\u00e9pris li\u00e9s \u00e0 l\u2019\u00e2ge, ce que l\u2019on appelle l\u2019\u00e2gisme.<\/h1>\t\t<\/div>\n\t\t\t\t<\/div>\n\t\t\t\t<div class=\"elementor-element elementor-element-892e41b elementor-widget elementor-widget-spacer\" data-id=\"892e41b\" data-element_type=\"widget\" data-widget_type=\"spacer.default\">\n\t\t\t\t<div class=\"elementor-widget-container\">\n\t\t\t\t\t<div class=\"elementor-spacer\">\n\t\t\t<div class=\"elementor-spacer-inner\"><\/div>\n\t\t<\/div>\n\t\t\t\t<\/div>\n\t\t\t\t<\/div>\n\t\t\t\t\t<\/div>\n\t\t\t\t<\/div>\n\t\t<div data-particle_enable=\"false\" data-particle-mobile-disabled=\"false\" class=\"elementor-element elementor-element-351265d e-flex e-con-boxed e-con e-parent\" data-id=\"351265d\" data-element_type=\"container\">\n\t\t\t\t\t<div class=\"e-con-inner\">\n\t\t\t\t<div class=\"elementor-element elementor-element-077718f elementor-widget elementor-widget-heading\" data-id=\"077718f\" data-element_type=\"widget\" data-widget_type=\"heading.default\">\n\t\t\t\t<div class=\"elementor-widget-container\">\n\t\t\t<h2 class=\"elementor-heading-title elementor-size-default\">LES DERNI\u00e8RES NOUVELLES<\/h2>\t\t<\/div>\n\t\t\t\t<\/div>\n\t\t\t\t<div class=\"elementor-element elementor-element-277b8cc elementor-widget elementor-widget-spacer\" data-id=\"277b8cc\" data-element_type=\"widget\" data-widget_type=\"spacer.default\">\n\t\t\t\t<div class=\"elementor-widget-container\">\n\t\t\t\t\t<div class=\"elementor-spacer\">\n\t\t\t<div class=\"elementor-spacer-inner\"><\/div>\n\t\t<\/div>\n\t\t\t\t<\/div>\n\t\t\t\t<\/div>\n\t\t\t\t<div class=\"elementor-element elementor-element-79584b8 elementor-grid-mobile-eael-col-2 elementor-grid-eael-col-4 elementor-grid-tablet-eael-col-2 elementor-widget elementor-widget-eael-post-grid\" data-id=\"79584b8\" data-element_type=\"widget\" data-settings=\"{&quot;eael_post_grid_columns_mobile&quot;:&quot;eael-col-2&quot;,&quot;eael_post_grid_columns&quot;:&quot;eael-col-4&quot;,&quot;eael_post_grid_columns_tablet&quot;:&quot;eael-col-2&quot;}\" data-widget_type=\"eael-post-grid.default\">\n\t\t\t\t<div class=\"elementor-widget-container\">\n\t\t\t<div id=\"eael-post-grid-79584b8\" class=\"eael-post-grid-container\">\n            <div class=\"eael-post-grid eael-post-appender eael-post-appender-79584b8 eael-post-grid-style-two\" data-layout-mode=\"masonry\"><article class=\"eael-grid-post eael-post-grid-column\" data-id=\"12896\">\n        <div class=\"eael-grid-post-holder\">\n            <div class=\"eael-grid-post-holder-inner\"><div class=\"eael-entry-media\"><div class=\"eael-entry-overlay fade-in\"><i class=\"far fa-eye\" aria-hidden=\"true\"><\/i><a href=\"https:\/\/www.entrages.be\/wp\/appel-a-participation-etude-universitaire-umons\/\"><\/a><\/div><div class=\"eael-entry-thumbnail eael-image-ratio\">\n                                <img fetchpriority=\"high\" decoding=\"async\" width=\"300\" height=\"300\" src=\"https:\/\/www.entrages.be\/wp\/wp-content\/uploads\/2026\/03\/Logo-Umons-300x300.jpg\" class=\"attachment-medium size-medium wp-image-12898\" alt=\"\" srcset=\"https:\/\/www.entrages.be\/wp\/wp-content\/uploads\/2026\/03\/Logo-Umons-300x300.jpg 300w, https:\/\/www.entrages.be\/wp\/wp-content\/uploads\/2026\/03\/Logo-Umons-150x150.jpg 150w, https:\/\/www.entrages.be\/wp\/wp-content\/uploads\/2026\/03\/Logo-Umons-768x768.jpg 768w, https:\/\/www.entrages.be\/wp\/wp-content\/uploads\/2026\/03\/Logo-Umons.jpg 800w\" sizes=\"(max-width: 300px) 100vw, 300px\" \/>\n                              <\/div>\n                      <\/div><div class=\"eael-entry-wrapper\"><header class=\"eael-entry-header\"><h2 class=\"eael-entry-title\"><a\n                                    class=\"eael-grid-post-link\"\n                                    href=\"https:\/\/www.entrages.be\/wp\/appel-a-participation-etude-universitaire-umons\/\"\n                                    title=\"Appel \u00e0 participation &#8211; \u00c9tude universitaire UMONS\">Appel \u00e0 participation &#8211; \u00c9tude universitaire UMONS<\/a><\/h2><\/header><div class=\"eael-entry-content\">\n                                    <div class=\"eael-grid-post-excerpt\"><p>Blenda Krasniqi r\u00e9alise, dans le cadre de son m\u00e9moire en...<\/p><a\n                                        href=\"https:\/\/www.entrages.be\/wp\/appel-a-participation-etude-universitaire-umons\/\"\n                                        class=\"eael-post-elements-readmore-btn\">Lire la suite<\/a><\/div>\n                                <\/div><div class=\"eael-entry-header-after style-two\"><div class=\"eael-entry-meta\"><\/div><\/div><\/div><\/div>\n        <\/div>\n    <\/article><article class=\"eael-grid-post eael-post-grid-column\" data-id=\"12890\">\n        <div class=\"eael-grid-post-holder\">\n            <div class=\"eael-grid-post-holder-inner\"><div class=\"eael-entry-media\"><div class=\"eael-entry-overlay fade-in\"><i class=\"far fa-eye\" aria-hidden=\"true\"><\/i><a href=\"https:\/\/www.entrages.be\/wp\/votre-prochain-midi-accueil-24-mars-2026\/\"><\/a><\/div><div class=\"eael-entry-thumbnail eael-image-ratio\">\n                                <img decoding=\"async\" width=\"300\" height=\"300\" src=\"https:\/\/www.entrages.be\/wp\/wp-content\/uploads\/2025\/02\/midi-accueil-2-300x300.png\" class=\"attachment-medium size-medium wp-image-11887\" alt=\"\" srcset=\"https:\/\/www.entrages.be\/wp\/wp-content\/uploads\/2025\/02\/midi-accueil-2-300x300.png 300w, https:\/\/www.entrages.be\/wp\/wp-content\/uploads\/2025\/02\/midi-accueil-2-150x150.png 150w, https:\/\/www.entrages.be\/wp\/wp-content\/uploads\/2025\/02\/midi-accueil-2-768x768.png 768w, https:\/\/www.entrages.be\/wp\/wp-content\/uploads\/2025\/02\/midi-accueil-2.png 1024w\" sizes=\"(max-width: 300px) 100vw, 300px\" \/>\n                              <\/div>\n                      <\/div><div class=\"eael-entry-wrapper\"><header class=\"eael-entry-header\"><h2 class=\"eael-entry-title\"><a\n                                    class=\"eael-grid-post-link\"\n                                    href=\"https:\/\/www.entrages.be\/wp\/votre-prochain-midi-accueil-24-mars-2026\/\"\n                                    title=\"Votre prochain Midi Accueil : 24 mars 2026\">Votre prochain Midi Accueil : 24 mars 2026<\/a><\/h2><\/header><div class=\"eael-entry-content\">\n                                    <div class=\"eael-grid-post-excerpt\"><p>Les Midis-Accueils sont organis\u00e9s un mardi par mois dans nos...<\/p><a\n                                        href=\"https:\/\/www.entrages.be\/wp\/votre-prochain-midi-accueil-24-mars-2026\/\"\n                                        class=\"eael-post-elements-readmore-btn\">Lire la suite<\/a><\/div>\n                                <\/div><div class=\"eael-entry-header-after style-two\"><div class=\"eael-entry-meta\"><\/div><\/div><\/div><\/div>\n        <\/div>\n    <\/article><article class=\"eael-grid-post eael-post-grid-column\" data-id=\"12878\">\n        <div class=\"eael-grid-post-holder\">\n            <div class=\"eael-grid-post-holder-inner\"><div class=\"eael-entry-media\"><div class=\"eael-entry-overlay fade-in\"><i class=\"far fa-eye\" aria-hidden=\"true\"><\/i><a href=\"https:\/\/www.entrages.be\/wp\/visio-sig-le-11-mars\/\"><\/a><\/div><div class=\"eael-entry-thumbnail eael-image-ratio\">\n                                <img decoding=\"async\" width=\"300\" height=\"300\" src=\"https:\/\/www.entrages.be\/wp\/wp-content\/uploads\/2026\/01\/Design-sans-titre-2-300x300.jpg\" class=\"attachment-medium size-medium wp-image-12587\" alt=\"\" srcset=\"https:\/\/www.entrages.be\/wp\/wp-content\/uploads\/2026\/01\/Design-sans-titre-2-300x300.jpg 300w, https:\/\/www.entrages.be\/wp\/wp-content\/uploads\/2026\/01\/Design-sans-titre-2-150x150.jpg 150w, https:\/\/www.entrages.be\/wp\/wp-content\/uploads\/2026\/01\/Design-sans-titre-2.jpg 600w\" sizes=\"(max-width: 300px) 100vw, 300px\" \/>\n                              <\/div>\n                      <\/div><div class=\"eael-entry-wrapper\"><header class=\"eael-entry-header\"><h2 class=\"eael-entry-title\"><a\n                                    class=\"eael-grid-post-link\"\n                                    href=\"https:\/\/www.entrages.be\/wp\/visio-sig-le-11-mars\/\"\n                                    title=\"Visio SIG le 11 mars !\">Visio SIG le 11 mars !<\/a><\/h2><\/header><div class=\"eael-entry-content\">\n                                    <div class=\"eael-grid-post-excerpt\"><p>Vous trouvez que la solidarit\u00e9 entre les g\u00e9n\u00e9rations est importante...<\/p><a\n                                        href=\"https:\/\/www.entrages.be\/wp\/visio-sig-le-11-mars\/\"\n                                        class=\"eael-post-elements-readmore-btn\">Lire la suite<\/a><\/div>\n                                <\/div><div class=\"eael-entry-header-after style-two\"><div class=\"eael-entry-meta\"><\/div><\/div><\/div><\/div>\n        <\/div>\n    <\/article><article class=\"eael-grid-post eael-post-grid-column\" data-id=\"12871\">\n        <div class=\"eael-grid-post-holder\">\n            <div class=\"eael-grid-post-holder-inner\"><div class=\"eael-entry-media\"><div class=\"eael-entry-overlay fade-in\"><i class=\"far fa-eye\" aria-hidden=\"true\"><\/i><a href=\"https:\/\/www.entrages.be\/wp\/arpentage-intergenerationnel-2\/\"><\/a><\/div><div class=\"eael-entry-thumbnail eael-image-ratio\">\n                                <img loading=\"lazy\" decoding=\"async\" width=\"300\" height=\"226\" src=\"https:\/\/www.entrages.be\/wp\/wp-content\/uploads\/2026\/03\/VisuelArpentage_page-0001-300x226.jpg\" class=\"attachment-medium size-medium wp-image-12876\" alt=\"\" srcset=\"https:\/\/www.entrages.be\/wp\/wp-content\/uploads\/2026\/03\/VisuelArpentage_page-0001-300x226.jpg 300w, https:\/\/www.entrages.be\/wp\/wp-content\/uploads\/2026\/03\/VisuelArpentage_page-0001-1024x770.jpg 1024w, https:\/\/www.entrages.be\/wp\/wp-content\/uploads\/2026\/03\/VisuelArpentage_page-0001-768x578.jpg 768w, https:\/\/www.entrages.be\/wp\/wp-content\/uploads\/2026\/03\/VisuelArpentage_page-0001-1536x1155.jpg 1536w, https:\/\/www.entrages.be\/wp\/wp-content\/uploads\/2026\/03\/VisuelArpentage_page-0001-2048x1540.jpg 2048w\" sizes=\"(max-width: 300px) 100vw, 300px\" \/>\n                              <\/div>\n                      <\/div><div class=\"eael-entry-wrapper\"><header class=\"eael-entry-header\"><h2 class=\"eael-entry-title\"><a\n                                    class=\"eael-grid-post-link\"\n                                    href=\"https:\/\/www.entrages.be\/wp\/arpentage-intergenerationnel-2\/\"\n                                    title=\"Arpentage interg\u00e9n\u00e9rationnel\">Arpentage interg\u00e9n\u00e9rationnel<\/a><\/h2><\/header><div class=\"eael-entry-content\">\n                                    <div class=\"eael-grid-post-excerpt\"><p>On lit collectivement des livres, on prend des notes, on...<\/p><a\n                                        href=\"https:\/\/www.entrages.be\/wp\/arpentage-intergenerationnel-2\/\"\n                                        class=\"eael-post-elements-readmore-btn\">Lire la suite<\/a><\/div>\n                                <\/div><div class=\"eael-entry-header-after style-two\"><div class=\"eael-entry-meta\"><\/div><\/div><\/div><\/div>\n        <\/div>\n    <\/article><article class=\"eael-grid-post eael-post-grid-column\" data-id=\"12864\">\n        <div class=\"eael-grid-post-holder\">\n            <div class=\"eael-grid-post-holder-inner\"><div class=\"eael-entry-media\"><div class=\"eael-entry-overlay fade-in\"><i class=\"far fa-eye\" aria-hidden=\"true\"><\/i><a href=\"https:\/\/www.entrages.be\/wp\/des-livres-des-jeux-et-des-ages\/\"><\/a><\/div><div class=\"eael-entry-thumbnail eael-image-ratio\">\n                                <img loading=\"lazy\" decoding=\"async\" width=\"212\" height=\"300\" src=\"https:\/\/www.entrages.be\/wp\/wp-content\/uploads\/2026\/03\/Des-livres-des-jeux-et-des-ages-2026-affiche-A3-1-212x300.jpg\" class=\"attachment-medium size-medium wp-image-12905\" alt=\"\" srcset=\"https:\/\/www.entrages.be\/wp\/wp-content\/uploads\/2026\/03\/Des-livres-des-jeux-et-des-ages-2026-affiche-A3-1-212x300.jpg 212w, https:\/\/www.entrages.be\/wp\/wp-content\/uploads\/2026\/03\/Des-livres-des-jeux-et-des-ages-2026-affiche-A3-1.jpg 707w\" sizes=\"(max-width: 212px) 100vw, 212px\" \/>\n                              <\/div>\n                      <\/div><div class=\"eael-entry-wrapper\"><header class=\"eael-entry-header\"><h2 class=\"eael-entry-title\"><a\n                                    class=\"eael-grid-post-link\"\n                                    href=\"https:\/\/www.entrages.be\/wp\/des-livres-des-jeux-et-des-ages\/\"\n                                    title=\"Des livres, des jeux et des \u00e2ges\">Des livres, des jeux et des \u00e2ges<\/a><\/h2><\/header><div class=\"eael-entry-content\">\n                                    <div class=\"eael-grid-post-excerpt\"><p>Apr\u00e8s le succ\u00e8s de notre rencontre en juin 2025 au...<\/p><a\n                                        href=\"https:\/\/www.entrages.be\/wp\/des-livres-des-jeux-et-des-ages\/\"\n                                        class=\"eael-post-elements-readmore-btn\">Lire la suite<\/a><\/div>\n                                <\/div><div class=\"eael-entry-header-after style-two\"><div class=\"eael-entry-meta\"><\/div><\/div><\/div><\/div>\n        <\/div>\n    <\/article><article class=\"eael-grid-post eael-post-grid-column\" data-id=\"12857\">\n        <div class=\"eael-grid-post-holder\">\n            <div class=\"eael-grid-post-holder-inner\"><div class=\"eael-entry-media\"><div class=\"eael-entry-overlay fade-in\"><i class=\"far fa-eye\" aria-hidden=\"true\"><\/i><a href=\"https:\/\/www.entrages.be\/wp\/lectures-de-livres-jeunesse-intergenerationnels\/\"><\/a><\/div><div class=\"eael-entry-thumbnail eael-image-ratio\">\n                                <img loading=\"lazy\" decoding=\"async\" width=\"300\" height=\"226\" src=\"https:\/\/www.entrages.be\/wp\/wp-content\/uploads\/2026\/03\/VisuelLecturesJeunesse_page-0001-300x226.jpg\" class=\"attachment-medium size-medium wp-image-12859\" alt=\"\" srcset=\"https:\/\/www.entrages.be\/wp\/wp-content\/uploads\/2026\/03\/VisuelLecturesJeunesse_page-0001-300x226.jpg 300w, https:\/\/www.entrages.be\/wp\/wp-content\/uploads\/2026\/03\/VisuelLecturesJeunesse_page-0001-1024x771.jpg 1024w, https:\/\/www.entrages.be\/wp\/wp-content\/uploads\/2026\/03\/VisuelLecturesJeunesse_page-0001-768x579.jpg 768w, https:\/\/www.entrages.be\/wp\/wp-content\/uploads\/2026\/03\/VisuelLecturesJeunesse_page-0001-1536x1157.jpg 1536w, https:\/\/www.entrages.be\/wp\/wp-content\/uploads\/2026\/03\/VisuelLecturesJeunesse_page-0001-2048x1543.jpg 2048w\" sizes=\"(max-width: 300px) 100vw, 300px\" \/>\n                              <\/div>\n                      <\/div><div class=\"eael-entry-wrapper\"><header class=\"eael-entry-header\"><h2 class=\"eael-entry-title\"><a\n                                    class=\"eael-grid-post-link\"\n                                    href=\"https:\/\/www.entrages.be\/wp\/lectures-de-livres-jeunesse-intergenerationnels\/\"\n                                    title=\"Lectures de livres jeunesse interg\u00e9n\u00e9rationnels\">Lectures de livres jeunesse interg\u00e9n\u00e9rationnels<\/a><\/h2><\/header><div class=\"eael-entry-content\">\n                                    <div class=\"eael-grid-post-excerpt\"><p>Chaque mois Entr\u2019\u00e2ges propose des lectures de livres jeunesse par...<\/p><a\n                                        href=\"https:\/\/www.entrages.be\/wp\/lectures-de-livres-jeunesse-intergenerationnels\/\"\n                                        class=\"eael-post-elements-readmore-btn\">Lire la suite<\/a><\/div>\n                                <\/div><div class=\"eael-entry-header-after style-two\"><div class=\"eael-entry-meta\"><\/div><\/div><\/div><\/div>\n        <\/div>\n    <\/article><article class=\"eael-grid-post eael-post-grid-column\" data-id=\"12847\">\n        <div class=\"eael-grid-post-holder\">\n            <div class=\"eael-grid-post-holder-inner\"><div class=\"eael-entry-media\"><div class=\"eael-entry-overlay fade-in\"><i class=\"far fa-eye\" aria-hidden=\"true\"><\/i><a href=\"https:\/\/www.entrages.be\/wp\/ecoute-de-podcast\/\"><\/a><\/div><div class=\"eael-entry-thumbnail eael-image-ratio\">\n                                <img loading=\"lazy\" decoding=\"async\" width=\"300\" height=\"219\" src=\"https:\/\/www.entrages.be\/wp\/wp-content\/uploads\/2026\/03\/VisuelPodcast_page-0001-300x219.jpg\" class=\"attachment-medium size-medium wp-image-12855\" alt=\"\" srcset=\"https:\/\/www.entrages.be\/wp\/wp-content\/uploads\/2026\/03\/VisuelPodcast_page-0001-300x219.jpg 300w, https:\/\/www.entrages.be\/wp\/wp-content\/uploads\/2026\/03\/VisuelPodcast_page-0001-1024x747.jpg 1024w, https:\/\/www.entrages.be\/wp\/wp-content\/uploads\/2026\/03\/VisuelPodcast_page-0001-768x560.jpg 768w, https:\/\/www.entrages.be\/wp\/wp-content\/uploads\/2026\/03\/VisuelPodcast_page-0001-1536x1121.jpg 1536w, https:\/\/www.entrages.be\/wp\/wp-content\/uploads\/2026\/03\/VisuelPodcast_page-0001-2048x1494.jpg 2048w\" sizes=\"(max-width: 300px) 100vw, 300px\" \/>\n                              <\/div>\n                      <\/div><div class=\"eael-entry-wrapper\"><header class=\"eael-entry-header\"><h2 class=\"eael-entry-title\"><a\n                                    class=\"eael-grid-post-link\"\n                                    href=\"https:\/\/www.entrages.be\/wp\/ecoute-de-podcast\/\"\n                                    title=\"\u00c9coute de podcast\">\u00c9coute de podcast<\/a><\/h2><\/header><div class=\"eael-entry-content\">\n                                    <div class=\"eael-grid-post-excerpt\"><p>Chaque mois un nouveau podcast sur l\u2019interge\u0301ne\u0301ration ou l\u2019a\u0302gisme. On...<\/p><a\n                                        href=\"https:\/\/www.entrages.be\/wp\/ecoute-de-podcast\/\"\n                                        class=\"eael-post-elements-readmore-btn\">Lire la suite<\/a><\/div>\n                                <\/div><div class=\"eael-entry-header-after style-two\"><div class=\"eael-entry-meta\"><\/div><\/div><\/div><\/div>\n        <\/div>\n    <\/article><article class=\"eael-grid-post eael-post-grid-column\" data-id=\"12766\">\n        <div class=\"eael-grid-post-holder\">\n            <div class=\"eael-grid-post-holder-inner\"><div class=\"eael-entry-media\"><div class=\"eael-entry-overlay fade-in\"><i class=\"far fa-eye\" aria-hidden=\"true\"><\/i><a href=\"https:\/\/www.entrages.be\/wp\/nouvel-atelier-mercredi-25-fevrier-2026\/\"><\/a><\/div><div class=\"eael-entry-thumbnail eael-image-ratio\">\n                                <img loading=\"lazy\" decoding=\"async\" width=\"300\" height=\"300\" src=\"https:\/\/www.entrages.be\/wp\/wp-content\/uploads\/2026\/02\/vignette_1400x1400_logo_2-1024x1024-1-1-300x300.jpg\" class=\"attachment-medium size-medium wp-image-12778\" alt=\"\" srcset=\"https:\/\/www.entrages.be\/wp\/wp-content\/uploads\/2026\/02\/vignette_1400x1400_logo_2-1024x1024-1-1-300x300.jpg 300w, https:\/\/www.entrages.be\/wp\/wp-content\/uploads\/2026\/02\/vignette_1400x1400_logo_2-1024x1024-1-1-150x150.jpg 150w, https:\/\/www.entrages.be\/wp\/wp-content\/uploads\/2026\/02\/vignette_1400x1400_logo_2-1024x1024-1-1-768x768.jpg 768w, https:\/\/www.entrages.be\/wp\/wp-content\/uploads\/2026\/02\/vignette_1400x1400_logo_2-1024x1024-1-1.jpg 800w\" sizes=\"(max-width: 300px) 100vw, 300px\" \/>\n                              <\/div>\n                      <\/div><div class=\"eael-entry-wrapper\"><header class=\"eael-entry-header\"><h2 class=\"eael-entry-title\"><a\n                                    class=\"eael-grid-post-link\"\n                                    href=\"https:\/\/www.entrages.be\/wp\/nouvel-atelier-mercredi-25-fevrier-2026\/\"\n                                    title=\"Nouvel atelier mercredi 25 f\u00e9vrier 2026 !\">Nouvel atelier mercredi 25 f\u00e9vrier 2026 !<\/a><\/h2><\/header><div class=\"eael-entry-content\">\n                                    <div class=\"eael-grid-post-excerpt\"><p><\/p><a\n                                        href=\"https:\/\/www.entrages.be\/wp\/nouvel-atelier-mercredi-25-fevrier-2026\/\"\n                                        class=\"eael-post-elements-readmore-btn\">Lire la suite<\/a><\/div>\n                                <\/div><div class=\"eael-entry-header-after style-two\"><div class=\"eael-entry-meta\"><\/div><\/div><\/div><\/div>\n        <\/div>\n    <\/article><article class=\"eael-grid-post eael-post-grid-column\" data-id=\"12752\">\n        <div class=\"eael-grid-post-holder\">\n            <div class=\"eael-grid-post-holder-inner\"><div class=\"eael-entry-media\"><div class=\"eael-entry-overlay fade-in\"><i class=\"far fa-eye\" aria-hidden=\"true\"><\/i><a href=\"https:\/\/www.entrages.be\/wp\/votre-prochain-midi-accueil-24-02-26\/\"><\/a><\/div><div class=\"eael-entry-thumbnail eael-image-ratio\">\n                                <img decoding=\"async\" width=\"300\" height=\"300\" src=\"https:\/\/www.entrages.be\/wp\/wp-content\/uploads\/2025\/02\/midi-accueil-2-300x300.png\" class=\"attachment-medium size-medium wp-image-11887\" alt=\"\" srcset=\"https:\/\/www.entrages.be\/wp\/wp-content\/uploads\/2025\/02\/midi-accueil-2-300x300.png 300w, https:\/\/www.entrages.be\/wp\/wp-content\/uploads\/2025\/02\/midi-accueil-2-150x150.png 150w, https:\/\/www.entrages.be\/wp\/wp-content\/uploads\/2025\/02\/midi-accueil-2-768x768.png 768w, https:\/\/www.entrages.be\/wp\/wp-content\/uploads\/2025\/02\/midi-accueil-2.png 1024w\" sizes=\"(max-width: 300px) 100vw, 300px\" \/>\n                              <\/div>\n                      <\/div><div class=\"eael-entry-wrapper\"><header class=\"eael-entry-header\"><h2 class=\"eael-entry-title\"><a\n                                    class=\"eael-grid-post-link\"\n                                    href=\"https:\/\/www.entrages.be\/wp\/votre-prochain-midi-accueil-24-02-26\/\"\n                                    title=\"Votre prochain Midi-Accueil &#8211; 24\/02\/26\">Votre prochain Midi-Accueil &#8211; 24\/02\/26<\/a><\/h2><\/header><div class=\"eael-entry-content\">\n                                    <div class=\"eael-grid-post-excerpt\"><p>Les Midis-Accueils sont organis\u00e9s un mardi par mois dans nos...<\/p><a\n                                        href=\"https:\/\/www.entrages.be\/wp\/votre-prochain-midi-accueil-24-02-26\/\"\n                                        class=\"eael-post-elements-readmore-btn\">Lire la suite<\/a><\/div>\n                                <\/div><div class=\"eael-entry-header-after style-two\"><div class=\"eael-entry-meta\"><\/div><\/div><\/div><\/div>\n        <\/div>\n    <\/article><article class=\"eael-grid-post eael-post-grid-column\" data-id=\"12730\">\n        <div class=\"eael-grid-post-holder\">\n            <div class=\"eael-grid-post-holder-inner\"><div class=\"eael-entry-media\"><div class=\"eael-entry-overlay fade-in\"><i class=\"far fa-eye\" aria-hidden=\"true\"><\/i><a href=\"https:\/\/www.entrages.be\/wp\/arpentage-melting-pot-18-02-26\/\"><\/a><\/div><div class=\"eael-entry-thumbnail eael-image-ratio\">\n                                <img loading=\"lazy\" decoding=\"async\" width=\"225\" height=\"300\" src=\"https:\/\/www.entrages.be\/wp\/wp-content\/uploads\/2026\/02\/IMG_2610-225x300.jpeg\" class=\"attachment-medium size-medium wp-image-12741\" alt=\"\" srcset=\"https:\/\/www.entrages.be\/wp\/wp-content\/uploads\/2026\/02\/IMG_2610-225x300.jpeg 225w, https:\/\/www.entrages.be\/wp\/wp-content\/uploads\/2026\/02\/IMG_2610-768x1024.jpeg 768w, https:\/\/www.entrages.be\/wp\/wp-content\/uploads\/2026\/02\/IMG_2610-1152x1536.jpeg 1152w, https:\/\/www.entrages.be\/wp\/wp-content\/uploads\/2026\/02\/IMG_2610-1536x2048.jpeg 1536w, https:\/\/www.entrages.be\/wp\/wp-content\/uploads\/2026\/02\/IMG_2610-scaled.jpeg 1920w\" sizes=\"(max-width: 225px) 100vw, 225px\" \/>\n                              <\/div>\n                      <\/div><div class=\"eael-entry-wrapper\"><header class=\"eael-entry-header\"><h2 class=\"eael-entry-title\"><a\n                                    class=\"eael-grid-post-link\"\n                                    href=\"https:\/\/www.entrages.be\/wp\/arpentage-melting-pot-18-02-26\/\"\n                                    title=\"Arpentage \u00ab\u00a0melting pot\u00a0\u00bb ! &#8211; 18.02.26\">Arpentage \u00ab\u00a0melting pot\u00a0\u00bb ! &#8211; 18.02.26<\/a><\/h2><\/header><div class=\"eael-entry-content\">\n                                    <div class=\"eael-grid-post-excerpt\"><p>Entr&rsquo;\u00e2ges vous invite \u00e0 son prochain arpentage mercredi 18 f\u00e9vrier...<\/p><a\n                                        href=\"https:\/\/www.entrages.be\/wp\/arpentage-melting-pot-18-02-26\/\"\n                                        class=\"eael-post-elements-readmore-btn\">Lire la suite<\/a><\/div>\n                                <\/div><div class=\"eael-entry-header-after style-two\"><div class=\"eael-entry-meta\"><\/div><\/div><\/div><\/div>\n        <\/div>\n    <\/article><article class=\"eael-grid-post eael-post-grid-column\" data-id=\"12678\">\n        <div class=\"eael-grid-post-holder\">\n            <div class=\"eael-grid-post-holder-inner\"><div class=\"eael-entry-media\"><div class=\"eael-entry-overlay fade-in\"><i class=\"far fa-eye\" aria-hidden=\"true\"><\/i><a href=\"https:\/\/www.entrages.be\/wp\/vie-dequipe\/\"><\/a><\/div><div class=\"eael-entry-thumbnail eael-image-ratio\">\n                                <img loading=\"lazy\" decoding=\"async\" width=\"300\" height=\"300\" src=\"https:\/\/www.entrages.be\/wp\/wp-content\/uploads\/2025\/03\/apostrophe-entrages-moyen-300x300.jpg\" class=\"attachment-medium size-medium wp-image-12032\" alt=\"\" srcset=\"https:\/\/www.entrages.be\/wp\/wp-content\/uploads\/2025\/03\/apostrophe-entrages-moyen-300x300.jpg 300w, https:\/\/www.entrages.be\/wp\/wp-content\/uploads\/2025\/03\/apostrophe-entrages-moyen-150x150.jpg 150w, https:\/\/www.entrages.be\/wp\/wp-content\/uploads\/2025\/03\/apostrophe-entrages-moyen.jpg 509w\" sizes=\"(max-width: 300px) 100vw, 300px\" \/>\n                              <\/div>\n                      <\/div><div class=\"eael-entry-wrapper\"><header class=\"eael-entry-header\"><h2 class=\"eael-entry-title\"><a\n                                    class=\"eael-grid-post-link\"\n                                    href=\"https:\/\/www.entrages.be\/wp\/vie-dequipe\/\"\n                                    title=\"Vie d&rsquo;\u00e9quipe\">Vie d&rsquo;\u00e9quipe<\/a><\/h2><\/header><div class=\"eael-entry-content\">\n                                    <div class=\"eael-grid-post-excerpt\"><p>Un grand merci Alice&#8230; Apr\u00e8s plusieurs ann\u00e9es pass\u00e9es \u00e0 tisser...<\/p><a\n                                        href=\"https:\/\/www.entrages.be\/wp\/vie-dequipe\/\"\n                                        class=\"eael-post-elements-readmore-btn\">Lire la suite<\/a><\/div>\n                                <\/div><div class=\"eael-entry-header-after style-two\"><div class=\"eael-entry-meta\"><\/div><\/div><\/div><\/div>\n        <\/div>\n    <\/article><article class=\"eael-grid-post eael-post-grid-column\" data-id=\"12662\">\n        <div class=\"eael-grid-post-holder\">\n            <div class=\"eael-grid-post-holder-inner\"><div class=\"eael-entry-media\"><div class=\"eael-entry-overlay fade-in\"><i class=\"far fa-eye\" aria-hidden=\"true\"><\/i><a href=\"https:\/\/www.entrages.be\/wp\/un-nouveau-chapitre-pour-entrages\/\"><\/a><\/div><div class=\"eael-entry-thumbnail eael-image-ratio\">\n                                <img loading=\"lazy\" decoding=\"async\" width=\"300\" height=\"240\" src=\"https:\/\/www.entrages.be\/wp\/wp-content\/uploads\/2026\/02\/residence-UP-300x240.jpg\" class=\"attachment-medium size-medium wp-image-12664\" alt=\"\" srcset=\"https:\/\/www.entrages.be\/wp\/wp-content\/uploads\/2026\/02\/residence-UP-300x240.jpg 300w, https:\/\/www.entrages.be\/wp\/wp-content\/uploads\/2026\/02\/residence-UP-768x614.jpg 768w, https:\/\/www.entrages.be\/wp\/wp-content\/uploads\/2026\/02\/residence-UP.jpg 1000w\" sizes=\"(max-width: 300px) 100vw, 300px\" \/>\n                              <\/div>\n                      <\/div><div class=\"eael-entry-wrapper\"><header class=\"eael-entry-header\"><h2 class=\"eael-entry-title\"><a\n                                    class=\"eael-grid-post-link\"\n                                    href=\"https:\/\/www.entrages.be\/wp\/un-nouveau-chapitre-pour-entrages\/\"\n                                    title=\"Un nouveau chapitre pour Entr&rsquo;\u00e2ges\">Un nouveau chapitre pour Entr&rsquo;\u00e2ges<\/a><\/h2><\/header><div class=\"eael-entry-content\">\n                                    <div class=\"eael-grid-post-excerpt\"><p>L\u2019ann\u00e9e 2026 s\u2019ouvre pour Entr\u2019\u00e2ges sous le signe du mouvement....<\/p><a\n                                        href=\"https:\/\/www.entrages.be\/wp\/un-nouveau-chapitre-pour-entrages\/\"\n                                        class=\"eael-post-elements-readmore-btn\">Lire la suite<\/a><\/div>\n                                <\/div><div class=\"eael-entry-header-after style-two\"><div class=\"eael-entry-meta\"><\/div><\/div><\/div><\/div>\n        <\/div>\n    <\/article><\/div>\n            <div class=\"clearfix\"><\/div>\n        <\/div>            <div class=\"eael-load-more-button-wrap eael-force-hide\">\n                <button class=\"eael-load-more-button\" id=\"eael-load-more-btn-79584b8\" data-widget-id=\"79584b8\" data-widget=\"79584b8\" data-page-id=\"8850\" data-template=\"{&quot;dir&quot;:&quot;lite&quot;,&quot;file_name&quot;:&quot;default.php&quot;,&quot;name&quot;:&quot;Post-Grid&quot;}\" data-class=\"Essential_Addons_Elementor\\Elements\\Post_Grid\" data-layout=\"masonry\" data-page=\"1\" data-args=\"orderby=date&amp;order=desc&amp;ignore_sticky_posts=1&amp;post_status=publish&amp;posts_per_page=12&amp;offset=0&amp;post_type=post\" data-max-page=\"20\">\n                    <span class=\"eael-btn-loader button__loader\"><\/span>\n                    <span class=\"eael_load_more_text\">Load More<\/span>\n                <\/button>\n            <\/div>\n            \t\t<\/div>\n\t\t\t\t<\/div>\n\t\t\t\t<div class=\"elementor-element elementor-element-6604094 elementor-widget elementor-widget-spacer\" data-id=\"6604094\" data-element_type=\"widget\" data-widget_type=\"spacer.default\">\n\t\t\t\t<div class=\"elementor-widget-container\">\n\t\t\t\t\t<div class=\"elementor-spacer\">\n\t\t\t<div class=\"elementor-spacer-inner\"><\/div>\n\t\t<\/div>\n\t\t\t\t<\/div>\n\t\t\t\t<\/div>\n\t\t\t\t\t<\/div>\n\t\t\t\t<\/div>\n\t\t<div data-particle_enable=\"false\" data-particle-mobile-disabled=\"false\" class=\"elementor-element elementor-element-e992181 e-grid e-con-boxed e-con e-parent\" data-id=\"e992181\" data-element_type=\"container\">\n\t\t\t\t\t<div class=\"e-con-inner\">\n\t\t<div data-particle_enable=\"false\" data-particle-mobile-disabled=\"false\" class=\"elementor-element elementor-element-53febd5 e-con-full e-flex e-con e-child\" data-id=\"53febd5\" data-element_type=\"container\">\n\t\t\t\t<div class=\"elementor-element elementor-element-ea62ffb elementor-view-default elementor-position-top elementor-mobile-position-top elementor-widget elementor-widget-icon-box\" data-id=\"ea62ffb\" data-element_type=\"widget\" data-widget_type=\"icon-box.default\">\n\t\t\t\t<div class=\"elementor-widget-container\">\n\t\t\t\t\t<div class=\"elementor-icon-box-wrapper\">\n\n\t\t\t\t\t\t<div class=\"elementor-icon-box-icon\">\n\t\t\t\t<span  class=\"elementor-icon elementor-animation-\">\n\t\t\t\t<i aria-hidden=\"true\" class=\"fas fa-puzzle-piece\"><\/i>\t\t\t\t<\/span>\n\t\t\t<\/div>\n\t\t\t\n\t\t\t\t\t\t<div class=\"elementor-icon-box-content\">\n\n\t\t\t\t\t\t\t\t\t<h3 class=\"elementor-icon-box-title\">\n\t\t\t\t\t\t<span  >\n\t\t\t\t\t\t\tL'ASSOCIATION\t\t\t\t\t\t<\/span>\n\t\t\t\t\t<\/h3>\n\t\t\t\t\n\t\t\t\t\t\t\t\t\t<p class=\"elementor-icon-box-description\">\n\t\t\t\t\t\tEntr\u2019\u00e2ges ASBL est une association qui s\u2019engage contre toutes les formes de discriminations, de s\u00e9gr\u00e9gations, de m\u00e9pris li\u00e9s \u00e0 l\u2019\u00e2ge, ce que l\u2019on appelle l\u2019\u00e2gisme.\n<br><br>Selon l\u2019Union Europ\u00e9enne, l'\u00e2gisme est un \u00ab pr\u00e9jug\u00e9 contre une personne ou un groupe en raison de l'\u00e2ge \u00bb\t\t\t\t\t<\/p>\n\t\t\t\t\n\t\t\t<\/div>\n\t\t\t\n\t\t<\/div>\n\t\t\t\t<\/div>\n\t\t\t\t<\/div>\n\t\t\t\t<\/div>\n\t\t<div data-particle_enable=\"false\" data-particle-mobile-disabled=\"false\" class=\"elementor-element elementor-element-0359591 e-con-full e-flex e-con e-child\" data-id=\"0359591\" data-element_type=\"container\">\n\t\t\t\t<div class=\"elementor-element elementor-element-a55d3c1 elementor-view-default elementor-position-top elementor-mobile-position-top elementor-widget elementor-widget-icon-box\" data-id=\"a55d3c1\" data-element_type=\"widget\" data-widget_type=\"icon-box.default\">\n\t\t\t\t<div class=\"elementor-widget-container\">\n\t\t\t\t\t<div class=\"elementor-icon-box-wrapper\">\n\n\t\t\t\t\t\t<div class=\"elementor-icon-box-icon\">\n\t\t\t\t<span  class=\"elementor-icon elementor-animation-\">\n\t\t\t\t<i aria-hidden=\"true\" class=\"far fa-eye\"><\/i>\t\t\t\t<\/span>\n\t\t\t<\/div>\n\t\t\t\n\t\t\t\t\t\t<div class=\"elementor-icon-box-content\">\n\n\t\t\t\t\t\t\t\t\t<h3 class=\"elementor-icon-box-title\">\n\t\t\t\t\t\t<span  >\n\t\t\t\t\t\t\tNOTRE VISION\t\t\t\t\t\t<\/span>\n\t\t\t\t\t<\/h3>\n\t\t\t\t\n\t\t\t\t\t\t\t\t\t<p class=\"elementor-icon-box-description\">\n\t\t\t\t\t\tEntr\u2019\u00e2ges s\u2019inscrit dans la d\u00e9fense d\u2019une soci\u00e9t\u00e9 plus juste, inclusive et \u00e9mancipatrice, pour toutes les g\u00e9n\u00e9rations, visant la r\u00e9flexion et la participation citoyenne de toutes et tous sans distinction de genre, d\u2019origine ou de classe sociale\t\t\t\t\t<\/p>\n\t\t\t\t\n\t\t\t<\/div>\n\t\t\t\n\t\t<\/div>\n\t\t\t\t<\/div>\n\t\t\t\t<\/div>\n\t\t\t\t<\/div>\n\t\t<div data-particle_enable=\"false\" data-particle-mobile-disabled=\"false\" class=\"elementor-element elementor-element-7dadd53 e-con-full e-flex e-con e-child\" data-id=\"7dadd53\" data-element_type=\"container\">\n\t\t\t\t<div class=\"elementor-element elementor-element-84770b5 elementor-view-default elementor-position-top elementor-mobile-position-top elementor-widget elementor-widget-icon-box\" data-id=\"84770b5\" data-element_type=\"widget\" data-widget_type=\"icon-box.default\">\n\t\t\t\t<div class=\"elementor-widget-container\">\n\t\t\t\t\t<div class=\"elementor-icon-box-wrapper\">\n\n\t\t\t\t\t\t<div class=\"elementor-icon-box-icon\">\n\t\t\t\t<span  class=\"elementor-icon elementor-animation-\">\n\t\t\t\t<i aria-hidden=\"true\" class=\"far fa-compass\"><\/i>\t\t\t\t<\/span>\n\t\t\t<\/div>\n\t\t\t\n\t\t\t\t\t\t<div class=\"elementor-icon-box-content\">\n\n\t\t\t\t\t\t\t\t\t<h3 class=\"elementor-icon-box-title\">\n\t\t\t\t\t\t<span  >\n\t\t\t\t\t\t\tNOTRE MISSION\t\t\t\t\t\t<\/span>\n\t\t\t\t\t<\/h3>\n\t\t\t\t\n\t\t\t\t\t\t\t\t\t<p class=\"elementor-icon-box-description\">\n\t\t\t\t\t\tSensibiliser, informer, mobiliser les citoyen.ne.s sur la notion d\u2019\u00e2ge avec une attention particuli\u00e8re \u00e0 la construction des liens interg\u00e9n\u00e9rationnels et interculturels en soci\u00e9t\u00e9.\n<br><br>Trois approches compl\u00e9mentaires sont au coeur de ses actions: - Le p\u00f4le socioculturel - Le p\u00f4le formation et sensibilisation - Le p\u00f4le ressources\t\t\t\t\t<\/p>\n\t\t\t\t\n\t\t\t<\/div>\n\t\t\t\n\t\t<\/div>\n\t\t\t\t<\/div>\n\t\t\t\t<\/div>\n\t\t\t\t<\/div>\n\t\t<div data-particle_enable=\"false\" data-particle-mobile-disabled=\"false\" class=\"elementor-element elementor-element-29d5575 e-con-full e-flex e-con e-child\" data-id=\"29d5575\" data-element_type=\"container\">\n\t\t\t\t<div class=\"elementor-element elementor-element-ed192a1 elementor-view-default elementor-position-top elementor-mobile-position-top elementor-widget elementor-widget-icon-box\" data-id=\"ed192a1\" data-element_type=\"widget\" data-widget_type=\"icon-box.default\">\n\t\t\t\t<div class=\"elementor-widget-container\">\n\t\t\t\t\t<div class=\"elementor-icon-box-wrapper\">\n\n\t\t\t\t\t\t<div class=\"elementor-icon-box-icon\">\n\t\t\t\t<span  class=\"elementor-icon elementor-animation-\">\n\t\t\t\t<i aria-hidden=\"true\" class=\"fas fa-heart\"><\/i>\t\t\t\t<\/span>\n\t\t\t<\/div>\n\t\t\t\n\t\t\t\t\t\t<div class=\"elementor-icon-box-content\">\n\n\t\t\t\t\t\t\t\t\t<h3 class=\"elementor-icon-box-title\">\n\t\t\t\t\t\t<span  >\n\t\t\t\t\t\t\tNOS VALEURS\t\t\t\t\t\t<\/span>\n\t\t\t\t\t<\/h3>\n\t\t\t\t\n\t\t\t\t\t\t\t\t\t<p class=\"elementor-icon-box-description\">\n\t\t\t\t\t\tNos valeurs sont celles de la transmission, de la solidarit\u00e9, de l\u2019\u00e9quit\u00e9, de la r\u00e9ciprocit\u00e9 et de l\u2019interd\u00e9pendance.\n<br><br>\u00ab Nous ne sommes pas un maillon de la cha\u00eene, nous sommes la cha\u00eene. \u00bb\t\t\t\t\t<\/p>\n\t\t\t\t\n\t\t\t<\/div>\n\t\t\t\n\t\t<\/div>\n\t\t\t\t<\/div>\n\t\t\t\t<\/div>\n\t\t\t\t<\/div>\n\t\t<div data-particle_enable=\"false\" data-particle-mobile-disabled=\"false\" class=\"elementor-element elementor-element-58ea86e e-con-full e-flex e-con e-child\" data-id=\"58ea86e\" data-element_type=\"container\">\n\t\t\t\t<div class=\"elementor-element elementor-element-d027798 elementor-view-default elementor-position-top elementor-mobile-position-top elementor-widget elementor-widget-icon-box\" data-id=\"d027798\" data-element_type=\"widget\" data-widget_type=\"icon-box.default\">\n\t\t\t\t<div class=\"elementor-widget-container\">\n\t\t\t\t\t<div class=\"elementor-icon-box-wrapper\">\n\n\t\t\t\t\t\t<div class=\"elementor-icon-box-icon\">\n\t\t\t\t<span  class=\"elementor-icon elementor-animation-\">\n\t\t\t\t<i aria-hidden=\"true\" class=\"fas fa-hands-helping\"><\/i>\t\t\t\t<\/span>\n\t\t\t<\/div>\n\t\t\t\n\t\t\t\t\t\t<div class=\"elementor-icon-box-content\">\n\n\t\t\t\t\t\t\t\t\t<h3 class=\"elementor-icon-box-title\">\n\t\t\t\t\t\t<span  >\n\t\t\t\t\t\t\tNOS RAISONS D'AGIR\t\t\t\t\t\t<\/span>\n\t\t\t\t\t<\/h3>\n\t\t\t\t\n\t\t\t\t\t\t\t\t\t<p class=\"elementor-icon-box-description\">\n\t\t\t\t\t\tFaire face \u00e0 un cloisonnement grandissant entre les g\u00e9n\u00e9rations (fracture sociale, culturelle, num\u00e9rique...)\n<br><br>Faire face \u00e0 l'invisibilit\u00e9 et au manque de consid\u00e9ration des personnes \u00e2g\u00e9es comme des personnes jeunes\n<br><br>Faire face \u00e0 l'augmentation de comportements \u00e2gistes dans diff\u00e9rents secteurs (sant\u00e9, emploi, mobilit\u00e9...)\t\t\t\t\t<\/p>\n\t\t\t\t\n\t\t\t<\/div>\n\t\t\t\n\t\t<\/div>\n\t\t\t\t<\/div>\n\t\t\t\t<\/div>\n\t\t\t\t<\/div>\n\t\t<div data-particle_enable=\"false\" data-particle-mobile-disabled=\"false\" class=\"elementor-element elementor-element-4c15362 e-con-full e-flex e-con e-child\" data-id=\"4c15362\" data-element_type=\"container\">\n\t\t\t\t<div class=\"elementor-element elementor-element-2684b24 elementor-view-default elementor-position-top elementor-mobile-position-top elementor-widget elementor-widget-icon-box\" data-id=\"2684b24\" data-element_type=\"widget\" data-widget_type=\"icon-box.default\">\n\t\t\t\t<div class=\"elementor-widget-container\">\n\t\t\t\t\t<div class=\"elementor-icon-box-wrapper\">\n\n\t\t\t\t\t\t<div class=\"elementor-icon-box-icon\">\n\t\t\t\t<span  class=\"elementor-icon elementor-animation-\">\n\t\t\t\t<i aria-hidden=\"true\" class=\"fas fa-book\"><\/i>\t\t\t\t<\/span>\n\t\t\t<\/div>\n\t\t\t\n\t\t\t\t\t\t<div class=\"elementor-icon-box-content\">\n\n\t\t\t\t\t\t\t\t\t<h3 class=\"elementor-icon-box-title\">\n\t\t\t\t\t\t<span  >\n\t\t\t\t\t\t\tNOS REFERENCES\t\t\t\t\t\t<\/span>\n\t\t\t\t\t<\/h3>\n\t\t\t\t\n\t\t\t\t\t\t\t\t\t<p class=\"elementor-icon-box-description\">\n\t\t\t\t\t\tLe vieillissement actif - Courant d'\u00c4ges (2013)\n<br><br>\nA la recherche de liens entre les g\u00e9n\u00e9rations - Jean-Jacques Amyot (2016)\n<br><br>\nLe rapport global sur l'\u00e2gisme de l'OMS (2021)\n<br><br>\nLe Manifeste pour uen Europe de tous les \u00e2ges - AGE Platform Europe (2024)\n<br><br>\nPacte international relatif aux droits civils et politiques - OHCHR\n<br><br>\nPacte international relatif aux droits \u00e9conomiques, sociaux et culturels - OHCHR\t\t\t\t\t<\/p>\n\t\t\t\t\n\t\t\t<\/div>\n\t\t\t\n\t\t<\/div>\n\t\t\t\t<\/div>\n\t\t\t\t<\/div>\n\t\t\t\t<\/div>\n\t\t\t\t\t<\/div>\n\t\t\t\t<\/div>\n\t\t<div data-particle_enable=\"false\" data-particle-mobile-disabled=\"false\" class=\"elementor-element elementor-element-773e5d24 e-flex e-con-boxed e-con e-parent\" data-id=\"773e5d24\" data-element_type=\"container\">\n\t\t\t\t\t<div class=\"e-con-inner\">\n\t\t<div data-particle_enable=\"false\" data-particle-mobile-disabled=\"false\" class=\"elementor-element elementor-element-3bf7d9a9 e-con-full e-flex e-con e-child\" data-id=\"3bf7d9a9\" data-element_type=\"container\">\n\t\t\t\t<div class=\"elementor-element elementor-element-530ead3a elementor-widget elementor-widget-image\" data-id=\"530ead3a\" data-element_type=\"widget\" data-widget_type=\"image.default\">\n\t\t\t\t<div class=\"elementor-widget-container\">\n\t\t\t\t\t\t\t\t\t\t\t\t\t<img loading=\"lazy\" decoding=\"async\" width=\"300\" height=\"288\" src=\"https:\/\/www.entrages.be\/wp\/wp-content\/uploads\/2024\/02\/FWB_VERTI_NOIR-300x288.jpg\" class=\"attachment-medium size-medium wp-image-8071\" alt=\"\" srcset=\"https:\/\/www.entrages.be\/wp\/wp-content\/uploads\/2024\/02\/FWB_VERTI_NOIR-300x288.jpg 300w, https:\/\/www.entrages.be\/wp\/wp-content\/uploads\/2024\/02\/FWB_VERTI_NOIR-1024x982.jpg 1024w, https:\/\/www.entrages.be\/wp\/wp-content\/uploads\/2024\/02\/FWB_VERTI_NOIR-768x736.jpg 768w, https:\/\/www.entrages.be\/wp\/wp-content\/uploads\/2024\/02\/FWB_VERTI_NOIR-1536x1473.jpg 1536w, https:\/\/www.entrages.be\/wp\/wp-content\/uploads\/2024\/02\/FWB_VERTI_NOIR-800x767.jpg 800w, https:\/\/www.entrages.be\/wp\/wp-content\/uploads\/2024\/02\/FWB_VERTI_NOIR.jpg 1727w\" sizes=\"(max-width: 300px) 100vw, 300px\" \/>\t\t\t\t\t\t\t\t\t\t\t\t\t<\/div>\n\t\t\t\t<\/div>\n\t\t\t\t<\/div>\n\t\t<div data-particle_enable=\"false\" data-particle-mobile-disabled=\"false\" class=\"elementor-element elementor-element-60d69b14 e-con-full e-flex e-con e-child\" data-id=\"60d69b14\" data-element_type=\"container\">\n\t\t\t\t<div class=\"elementor-element elementor-element-a7d664f elementor-widget elementor-widget-image\" data-id=\"a7d664f\" data-element_type=\"widget\" data-widget_type=\"image.default\">\n\t\t\t\t<div class=\"elementor-widget-container\">\n\t\t\t\t\t\t\t\t\t\t\t\t\t<img loading=\"lazy\" decoding=\"async\" width=\"300\" height=\"92\" src=\"https:\/\/www.entrages.be\/wp\/wp-content\/uploads\/2024\/02\/aviq_fr_nb-300x92.png\" class=\"attachment-medium size-medium wp-image-8072\" alt=\"\" srcset=\"https:\/\/www.entrages.be\/wp\/wp-content\/uploads\/2024\/02\/aviq_fr_nb-300x92.png 300w, https:\/\/www.entrages.be\/wp\/wp-content\/uploads\/2024\/02\/aviq_fr_nb-1024x315.png 1024w, https:\/\/www.entrages.be\/wp\/wp-content\/uploads\/2024\/02\/aviq_fr_nb-768x237.png 768w, https:\/\/www.entrages.be\/wp\/wp-content\/uploads\/2024\/02\/aviq_fr_nb-1536x473.png 1536w, https:\/\/www.entrages.be\/wp\/wp-content\/uploads\/2024\/02\/aviq_fr_nb-2048x631.png 2048w, https:\/\/www.entrages.be\/wp\/wp-content\/uploads\/2024\/02\/aviq_fr_nb-800x246.png 800w\" sizes=\"(max-width: 300px) 100vw, 300px\" \/>\t\t\t\t\t\t\t\t\t\t\t\t\t<\/div>\n\t\t\t\t<\/div>\n\t\t\t\t<\/div>\n\t\t<div data-particle_enable=\"false\" data-particle-mobile-disabled=\"false\" class=\"elementor-element elementor-element-6f710c0a e-con-full e-flex e-con e-child\" data-id=\"6f710c0a\" data-element_type=\"container\">\n\t\t\t\t<div class=\"elementor-element elementor-element-344d9b20 elementor-widget elementor-widget-image\" data-id=\"344d9b20\" data-element_type=\"widget\" data-widget_type=\"image.default\">\n\t\t\t\t<div class=\"elementor-widget-container\">\n\t\t\t\t\t\t\t\t\t\t\t\t\t<img loading=\"lazy\" decoding=\"async\" width=\"300\" height=\"165\" src=\"https:\/\/www.entrages.be\/wp\/wp-content\/uploads\/2024\/02\/Logo-Francophones-Bruxelles-GRIS-300x165.png\" class=\"attachment-medium size-medium wp-image-8073\" alt=\"\" srcset=\"https:\/\/www.entrages.be\/wp\/wp-content\/uploads\/2024\/02\/Logo-Francophones-Bruxelles-GRIS-300x165.png 300w, https:\/\/www.entrages.be\/wp\/wp-content\/uploads\/2024\/02\/Logo-Francophones-Bruxelles-GRIS-1024x564.png 1024w, https:\/\/www.entrages.be\/wp\/wp-content\/uploads\/2024\/02\/Logo-Francophones-Bruxelles-GRIS-768x423.png 768w, https:\/\/www.entrages.be\/wp\/wp-content\/uploads\/2024\/02\/Logo-Francophones-Bruxelles-GRIS-1536x846.png 1536w, https:\/\/www.entrages.be\/wp\/wp-content\/uploads\/2024\/02\/Logo-Francophones-Bruxelles-GRIS-2048x1128.png 2048w, https:\/\/www.entrages.be\/wp\/wp-content\/uploads\/2024\/02\/Logo-Francophones-Bruxelles-GRIS-800x441.png 800w\" sizes=\"(max-width: 300px) 100vw, 300px\" \/>\t\t\t\t\t\t\t\t\t\t\t\t\t<\/div>\n\t\t\t\t<\/div>\n\t\t\t\t<\/div>\n\t\t<div data-particle_enable=\"false\" data-particle-mobile-disabled=\"false\" class=\"elementor-element elementor-element-41b9c878 e-con-full e-flex e-con e-child\" data-id=\"41b9c878\" data-element_type=\"container\">\n\t\t\t\t<div class=\"elementor-element elementor-element-37e67e69 elementor-widget elementor-widget-image\" data-id=\"37e67e69\" data-element_type=\"widget\" data-widget_type=\"image.default\">\n\t\t\t\t<div class=\"elementor-widget-container\">\n\t\t\t\t\t\t\t\t\t\t\t\t\t<img loading=\"lazy\" decoding=\"async\" width=\"225\" height=\"225\" src=\"https:\/\/www.entrages.be\/wp\/wp-content\/uploads\/2024\/02\/1070.png\" class=\"attachment-medium size-medium wp-image-8074\" alt=\"\" srcset=\"https:\/\/www.entrages.be\/wp\/wp-content\/uploads\/2024\/02\/1070.png 225w, https:\/\/www.entrages.be\/wp\/wp-content\/uploads\/2024\/02\/1070-150x150.png 150w\" sizes=\"(max-width: 225px) 100vw, 225px\" \/>\t\t\t\t\t\t\t\t\t\t\t\t\t<\/div>\n\t\t\t\t<\/div>\n\t\t\t\t<\/div>\n\t\t\t\t\t<\/div>\n\t\t\t\t<\/div>\n\t\t<div data-particle_enable=\"false\" data-particle-mobile-disabled=\"false\" class=\"elementor-element elementor-element-f77e3cf e-flex e-con-boxed e-con e-parent\" data-id=\"f77e3cf\" data-element_type=\"container\">\n\t\t\t\t\t<div class=\"e-con-inner\">\n\t\t\t\t\t<\/div>\n\t\t\t\t<\/div>\n\t\t\t\t<\/div>\n\t\t","protected":false},"excerpt":{"rendered":"<p>Entr&rsquo;\u00e2ges ASBLEntr&rsquo;\u00e2ges s&rsquo;engage contre l&rsquo;\u00e2gisme pour une soci\u00e9t\u00e9 plus juste et solidaireInscrivez-vous \u00e0 notre newsletterLa Semaine de l&rsquo;Interg\u00e9n\u00e9rationChaque ann\u00e9e du 23 au 29 avril, une semaine pour tous les \u00e2gesInscrivez-vos activit\u00e9sD\u00e9couvrez le m\u00e9morandum du RIBFPistes d&rsquo;actions pour construire un avenir interg\u00e9n\u00e9rationnelVers le m\u00e9morandumNos ateliersBroderie, lecture et arpentage : pour tous les go\u00fbts et tous les [&hellip;]<\/p>\n","protected":false},"author":2,"featured_media":0,"parent":0,"menu_order":0,"comment_status":"closed","ping_status":"closed","template":"","meta":{"cybocfi_hide_featured_image":"","footnotes":""},"yoast_head":"<!-- This site is optimized with the Yoast SEO plugin v16.8 - https:\/\/yoast.com\/wordpress\/plugins\/seo\/ -->\n<title>Accueil | Entr&#039;\u00e2ges<\/title>\n<meta name=\"robots\" content=\"index, follow, max-snippet:-1, max-image-preview:large, max-video-preview:-1\" \/>\n<link rel=\"canonical\" href=\"https:\/\/www.entrages.be\/wp\/\" \/>\n<meta property=\"og:locale\" content=\"fr_FR\" \/>\n<meta property=\"og:type\" content=\"article\" \/>\n<meta property=\"og:title\" content=\"Accueil | Entr&#039;\u00e2ges\" \/>\n<meta property=\"og:description\" content=\"Entr&rsquo;\u00e2ges ASBLEntr&rsquo;\u00e2ges s&rsquo;engage contre l&rsquo;\u00e2gisme pour une soci\u00e9t\u00e9 plus juste et solidaireInscrivez-vous \u00e0 notre newsletterLa Semaine de l&rsquo;Interg\u00e9n\u00e9rationChaque ann\u00e9e du 23 au 29 avril, une semaine pour tous les \u00e2gesInscrivez-vos activit\u00e9sD\u00e9couvrez le m\u00e9morandum du RIBFPistes d&rsquo;actions pour construire un avenir interg\u00e9n\u00e9rationnelVers le m\u00e9morandumNos ateliersBroderie, lecture et arpentage : pour tous les go\u00fbts et tous les [&hellip;]\" \/>\n<meta property=\"og:url\" content=\"https:\/\/www.entrages.be\/wp\/\" \/>\n<meta property=\"og:site_name\" content=\"Entr&#039;\u00e2ges\" \/>\n<meta property=\"article:publisher\" content=\"https:\/\/www.facebook.com\/entragesasbl\/\" \/>\n<meta property=\"article:modified_time\" content=\"2026-02-02T10:59:40+00:00\" \/>\n<meta property=\"og:image\" content=\"https:\/\/www.entrages.be\/wp\/wp-content\/uploads\/2025\/03\/apostrophe-entrages-moyen-300x300.jpg\" \/>\n<meta name=\"twitter:card\" content=\"summary_large_image\" \/>\n<meta name=\"twitter:label1\" content=\"Dur\u00e9e de lecture est.\" \/>\n\t<meta name=\"twitter:data1\" content=\"3 minutes\" \/>\n<script type=\"application\/ld+json\" class=\"yoast-schema-graph\">{\"@context\":\"https:\/\/schema.org\",\"@graph\":[{\"@type\":\"Organization\",\"@id\":\"https:\/\/www.entrages.be\/wp\/#organization\",\"name\":\"Entr'\\u00e2ges\",\"url\":\"https:\/\/www.entrages.be\/wp\/\",\"sameAs\":[\"https:\/\/www.facebook.com\/entragesasbl\/\"],\"logo\":{\"@type\":\"ImageObject\",\"@id\":\"https:\/\/www.entrages.be\/wp\/#logo\",\"inLanguage\":\"fr-BE\",\"url\":\"https:\/\/www.entrages.be\/wp\/wp-content\/uploads\/2018\/03\/logo-entrages.png\",\"contentUrl\":\"https:\/\/www.entrages.be\/wp\/wp-content\/uploads\/2018\/03\/logo-entrages.png\",\"width\":1142,\"height\":367,\"caption\":\"Entr'\\u00e2ges\"},\"image\":{\"@id\":\"https:\/\/www.entrages.be\/wp\/#logo\"}},{\"@type\":\"WebSite\",\"@id\":\"https:\/\/www.entrages.be\/wp\/#website\",\"url\":\"https:\/\/www.entrages.be\/wp\/\",\"name\":\"Entr&#039;\\u00e2ges\",\"description\":\"Un site pour vivre ensemble \\u00e0 tous \\u00e2ges\",\"publisher\":{\"@id\":\"https:\/\/www.entrages.be\/wp\/#organization\"},\"potentialAction\":[{\"@type\":\"SearchAction\",\"target\":{\"@type\":\"EntryPoint\",\"urlTemplate\":\"https:\/\/www.entrages.be\/wp\/?s={search_term_string}\"},\"query-input\":\"required name=search_term_string\"}],\"inLanguage\":\"fr-BE\"},{\"@type\":\"ImageObject\",\"@id\":\"https:\/\/www.entrages.be\/wp\/#primaryimage\",\"inLanguage\":\"fr-BE\",\"url\":\"https:\/\/www.entrages.be\/wp\/wp-content\/uploads\/2025\/03\/apostrophe-entrages-moyen.jpg\",\"contentUrl\":\"https:\/\/www.entrages.be\/wp\/wp-content\/uploads\/2025\/03\/apostrophe-entrages-moyen.jpg\",\"width\":509,\"height\":509},{\"@type\":\"WebPage\",\"@id\":\"https:\/\/www.entrages.be\/wp\/#webpage\",\"url\":\"https:\/\/www.entrages.be\/wp\/\",\"name\":\"Accueil | Entr&#039;\\u00e2ges\",\"isPartOf\":{\"@id\":\"https:\/\/www.entrages.be\/wp\/#website\"},\"primaryImageOfPage\":{\"@id\":\"https:\/\/www.entrages.be\/wp\/#primaryimage\"},\"datePublished\":\"2024-08-19T19:18:47+00:00\",\"dateModified\":\"2026-02-02T10:59:40+00:00\",\"breadcrumb\":{\"@id\":\"https:\/\/www.entrages.be\/wp\/#breadcrumb\"},\"inLanguage\":\"fr-BE\",\"potentialAction\":[{\"@type\":\"ReadAction\",\"target\":[\"https:\/\/www.entrages.be\/wp\/\"]}]},{\"@type\":\"BreadcrumbList\",\"@id\":\"https:\/\/www.entrages.be\/wp\/#breadcrumb\",\"itemListElement\":[{\"@type\":\"ListItem\",\"position\":1,\"name\":\"Home\",\"item\":\"https:\/\/www.entrages.be\/wp\/\"},{\"@type\":\"ListItem\",\"position\":2,\"name\":\"Accueil\"}]}]}<\/script>\n<!-- \/ Yoast SEO plugin. -->","yoast_head_json":{"title":"Accueil | Entr&#039;\u00e2ges","robots":{"index":"index","follow":"follow","max-snippet":"max-snippet:-1","max-image-preview":"max-image-preview:large","max-video-preview":"max-video-preview:-1"},"canonical":"https:\/\/www.entrages.be\/wp\/","og_locale":"fr_FR","og_type":"article","og_title":"Accueil | Entr&#039;\u00e2ges","og_description":"Entr&rsquo;\u00e2ges ASBLEntr&rsquo;\u00e2ges s&rsquo;engage contre l&rsquo;\u00e2gisme pour une soci\u00e9t\u00e9 plus juste et solidaireInscrivez-vous \u00e0 notre newsletterLa Semaine de l&rsquo;Interg\u00e9n\u00e9rationChaque ann\u00e9e du 23 au 29 avril, une semaine pour tous les \u00e2gesInscrivez-vos activit\u00e9sD\u00e9couvrez le m\u00e9morandum du RIBFPistes d&rsquo;actions pour construire un avenir interg\u00e9n\u00e9rationnelVers le m\u00e9morandumNos ateliersBroderie, lecture et arpentage : pour tous les go\u00fbts et tous les [&hellip;]","og_url":"https:\/\/www.entrages.be\/wp\/","og_site_name":"Entr&#039;\u00e2ges","article_publisher":"https:\/\/www.facebook.com\/entragesasbl\/","article_modified_time":"2026-02-02T10:59:40+00:00","og_image":[{"url":"https:\/\/www.entrages.be\/wp\/wp-content\/uploads\/2025\/03\/apostrophe-entrages-moyen-300x300.jpg"}],"twitter_card":"summary_large_image","twitter_misc":{"Dur\u00e9e de lecture est.":"3 minutes"},"schema":{"@context":"https:\/\/schema.org","@graph":[{"@type":"Organization","@id":"https:\/\/www.entrages.be\/wp\/#organization","name":"Entr'\u00e2ges","url":"https:\/\/www.entrages.be\/wp\/","sameAs":["https:\/\/www.facebook.com\/entragesasbl\/"],"logo":{"@type":"ImageObject","@id":"https:\/\/www.entrages.be\/wp\/#logo","inLanguage":"fr-BE","url":"https:\/\/www.entrages.be\/wp\/wp-content\/uploads\/2018\/03\/logo-entrages.png","contentUrl":"https:\/\/www.entrages.be\/wp\/wp-content\/uploads\/2018\/03\/logo-entrages.png","width":1142,"height":367,"caption":"Entr'\u00e2ges"},"image":{"@id":"https:\/\/www.entrages.be\/wp\/#logo"}},{"@type":"WebSite","@id":"https:\/\/www.entrages.be\/wp\/#website","url":"https:\/\/www.entrages.be\/wp\/","name":"Entr&#039;\u00e2ges","description":"Un site pour vivre ensemble \u00e0 tous \u00e2ges","publisher":{"@id":"https:\/\/www.entrages.be\/wp\/#organization"},"potentialAction":[{"@type":"SearchAction","target":{"@type":"EntryPoint","urlTemplate":"https:\/\/www.entrages.be\/wp\/?s={search_term_string}"},"query-input":"required name=search_term_string"}],"inLanguage":"fr-BE"},{"@type":"ImageObject","@id":"https:\/\/www.entrages.be\/wp\/#primaryimage","inLanguage":"fr-BE","url":"https:\/\/www.entrages.be\/wp\/wp-content\/uploads\/2025\/03\/apostrophe-entrages-moyen.jpg","contentUrl":"https:\/\/www.entrages.be\/wp\/wp-content\/uploads\/2025\/03\/apostrophe-entrages-moyen.jpg","width":509,"height":509},{"@type":"WebPage","@id":"https:\/\/www.entrages.be\/wp\/#webpage","url":"https:\/\/www.entrages.be\/wp\/","name":"Accueil | Entr&#039;\u00e2ges","isPartOf":{"@id":"https:\/\/www.entrages.be\/wp\/#website"},"primaryImageOfPage":{"@id":"https:\/\/www.entrages.be\/wp\/#primaryimage"},"datePublished":"2024-08-19T19:18:47+00:00","dateModified":"2026-02-02T10:59:40+00:00","breadcrumb":{"@id":"https:\/\/www.entrages.be\/wp\/#breadcrumb"},"inLanguage":"fr-BE","potentialAction":[{"@type":"ReadAction","target":["https:\/\/www.entrages.be\/wp\/"]}]},{"@type":"BreadcrumbList","@id":"https:\/\/www.entrages.be\/wp\/#breadcrumb","itemListElement":[{"@type":"ListItem","position":1,"name":"Home","item":"https:\/\/www.entrages.be\/wp\/"},{"@type":"ListItem","position":2,"name":"Accueil"}]}]}},"_links":{"self":[{"href":"https:\/\/www.entrages.be\/wp\/wp-json\/wp\/v2\/pages\/8850"}],"collection":[{"href":"https:\/\/www.entrages.be\/wp\/wp-json\/wp\/v2\/pages"}],"about":[{"href":"https:\/\/www.entrages.be\/wp\/wp-json\/wp\/v2\/types\/page"}],"author":[{"embeddable":true,"href":"https:\/\/www.entrages.be\/wp\/wp-json\/wp\/v2\/users\/2"}],"replies":[{"embeddable":true,"href":"https:\/\/www.entrages.be\/wp\/wp-json\/wp\/v2\/comments?post=8850"}],"version-history":[{"count":322,"href":"https:\/\/www.entrages.be\/wp\/wp-json\/wp\/v2\/pages\/8850\/revisions"}],"predecessor-version":[{"id":12696,"href":"https:\/\/www.entrages.be\/wp\/wp-json\/wp\/v2\/pages\/8850\/revisions\/12696"}],"wp:attachment":[{"href":"https:\/\/www.entrages.be\/wp\/wp-json\/wp\/v2\/media?parent=8850"}],"curies":[{"name":"wp","href":"https:\/\/api.w.org\/{rel}","templated":true}]}}